{"id":2144,"date":"2021-01-26T17:24:42","date_gmt":"2021-01-26T16:24:42","guid":{"rendered":"https:\/\/campinglapeyrade.fr\/?page_id=2144"},"modified":"2023-02-03T10:26:28","modified_gmt":"2023-02-03T09:26:28","slug":"hebergements-et-tarifs","status":"publish","type":"page","link":"https:\/\/peyrade.demolinov.fr\/index.php\/hebergements-et-tarifs\/","title":{"rendered":"H\u00e9bergements et Tarifs"},"content":{"rendered":"<p>[et_pb_section fb_built=\u00a0\u00bb1&Prime; _builder_version=\u00a0\u00bb4.16&Prime; background_image=\u00a0\u00bbhttps:\/\/peyrade.demolinov.fr\/wp-content\/uploads\/2019\/01\/bg-herbergements.jpg\u00a0\u00bb background_size=\u00a0\u00bbinitial\u00a0\u00bb custom_padding=\u00a0\u00bb134px|0px|54px|0px|false|false\u00a0\u00bb animation_style=\u00a0\u00bbzoom\u00a0\u00bb animation_direction=\u00a0\u00bbbottom\u00a0\u00bb animation_intensity_zoom=\u00a0\u00bb4%\u00a0\u00bb da_disable_devices=\u00a0\u00bboff|off|off\u00a0\u00bb global_colors_info=\u00a0\u00bb{}\u00a0\u00bb da_is_popup=\u00a0\u00bboff\u00a0\u00bb da_exit_intent=\u00a0\u00bboff\u00a0\u00bb da_has_close=\u00a0\u00bbon\u00a0\u00bb da_alt_close=\u00a0\u00bboff\u00a0\u00bb da_dark_close=\u00a0\u00bboff\u00a0\u00bb da_not_modal=\u00a0\u00bbon\u00a0\u00bb da_is_singular=\u00a0\u00bboff\u00a0\u00bb da_with_loader=\u00a0\u00bboff\u00a0\u00bb da_has_shadow=\u00a0\u00bbon\u00a0\u00bb][et_pb_row _builder_version=\u00a0\u00bb4.16&Prime; custom_padding=\u00a0\u00bb27px|0px|19px|0px|false|false\u00a0\u00bb global_colors_info=\u00a0\u00bb{}\u00a0\u00bb][et_pb_column type=\u00a0\u00bb4_4&Prime; _builder_version=\u00a0\u00bb4.16&Prime; custom_padding=\u00a0\u00bb|||\u00a0\u00bb global_colors_info=\u00a0\u00bb{}\u00a0\u00bb custom_padding__hover=\u00a0\u00bb|||\u00a0\u00bb][et_pb_text _builder_version=\u00a0\u00bb4.16&Prime; header_font=\u00a0\u00bb|700|||||||\u00a0\u00bb header_text_color=\u00a0\u00bb#ffffff\u00a0\u00bb header_font_size=\u00a0\u00bb80px\u00a0\u00bb custom_margin=\u00a0\u00bb||\u00a0\u00bb global_colors_info=\u00a0\u00bb{}\u00a0\u00bb]<\/p>\n<h1>H\u00e9bergements et Tarifs<\/h1>\n<p>&nbsp;<\/p>\n<p>[\/et_pb_text][\/et_pb_column][\/et_pb_row][\/et_pb_section][et_pb_section fb_built=\u00a0\u00bb1&Prime; _builder_version=\u00a0\u00bb4.14.8&Prime; z_index=\u00a0\u00bb-1&Prime; custom_margin=\u00a0\u00bb0px||||false|false\u00a0\u00bb custom_padding=\u00a0\u00bb0px||40px||false|false\u00a0\u00bb da_disable_devices=\u00a0\u00bboff|off|off\u00a0\u00bb global_module=\u00a0\u00bb2053&Prime; saved_tabs=\u00a0\u00bball\u00a0\u00bb locked=\u00a0\u00bboff\u00a0\u00bb global_colors_info=\u00a0\u00bb{}\u00a0\u00bb da_is_popup=\u00a0\u00bboff\u00a0\u00bb da_exit_intent=\u00a0\u00bboff\u00a0\u00bb da_has_close=\u00a0\u00bbon\u00a0\u00bb da_alt_close=\u00a0\u00bboff\u00a0\u00bb da_dark_close=\u00a0\u00bboff\u00a0\u00bb da_not_modal=\u00a0\u00bbon\u00a0\u00bb da_is_singular=\u00a0\u00bboff\u00a0\u00bb da_with_loader=\u00a0\u00bboff\u00a0\u00bb da_has_shadow=\u00a0\u00bbon\u00a0\u00bb][et_pb_row _builder_version=\u00a0\u00bb4.16&Prime; max_width=\u00a0\u00bb80%\u00a0\u00bb module_alignment=\u00a0\u00bbcenter\u00a0\u00bb custom_margin=\u00a0\u00bb||\u00a0\u00bb custom_padding=\u00a0\u00bb4px|0px|0|0px|false|false\u00a0\u00bb use_custom_width=\u00a0\u00bbon\u00a0\u00bb width_unit=\u00a0\u00bboff\u00a0\u00bb global_colors_info=\u00a0\u00bb{}\u00a0\u00bb][et_pb_column type=\u00a0\u00bb4_4&Prime; _builder_version=\u00a0\u00bb4.16&Prime; custom_padding=\u00a0\u00bb|||\u00a0\u00bb global_colors_info=\u00a0\u00bb{}\u00a0\u00bb custom_padding__hover=\u00a0\u00bb|||\u00a0\u00bb][et_pb_code _builder_version=\u00a0\u00bb4.16&Prime; max_width=\u00a0\u00bb99%\u00a0\u00bb module_alignment=\u00a0\u00bbleft\u00a0\u00bb custom_margin=\u00a0\u00bb-7px||\u00a0\u00bb custom_css_main_element=\u00a0\u00bbmargin-top:-50vh;\u00a0\u00bb global_colors_info=\u00a0\u00bb{}\u00a0\u00bb]<thr-search-engine><\/thr-search-engine>[\/et_pb_code][et_pb_code _builder_version=\u00a0\u00bb4.16&Prime; max_width=\u00a0\u00bb99%\u00a0\u00bb module_alignment=\u00a0\u00bbleft\u00a0\u00bb custom_margin=\u00a0\u00bb-7px||\u00a0\u00bb custom_css_main_element=\u00a0\u00bbmargin-top:-50vh;\u00a0\u00bb global_colors_info=\u00a0\u00bb{}\u00a0\u00bb]<thr-favorites><\/thr-favorites>[\/et_pb_code][\/et_pb_column][\/et_pb_row][\/et_pb_section][et_pb_section fb_built=\u00a0\u00bb1&Prime; _builder_version=\u00a0\u00bb4.16&Prime; custom_padding=\u00a0\u00bb0|0px|39px|0px|false|false\u00a0\u00bb da_disable_devices=\u00a0\u00bboff|off|off\u00a0\u00bb global_colors_info=\u00a0\u00bb{}\u00a0\u00bb da_is_popup=\u00a0\u00bboff\u00a0\u00bb da_exit_intent=\u00a0\u00bboff\u00a0\u00bb da_has_close=\u00a0\u00bbon\u00a0\u00bb da_alt_close=\u00a0\u00bboff\u00a0\u00bb da_dark_close=\u00a0\u00bboff\u00a0\u00bb da_not_modal=\u00a0\u00bbon\u00a0\u00bb da_is_singular=\u00a0\u00bboff\u00a0\u00bb da_with_loader=\u00a0\u00bboff\u00a0\u00bb da_has_shadow=\u00a0\u00bbon\u00a0\u00bb][et_pb_row _builder_version=\u00a0\u00bb4.16&Prime; _module_preset=\u00a0\u00bbdefault\u00a0\u00bb custom_padding=\u00a0\u00bb46px||46px||true|\u00a0\u00bb global_colors_info=\u00a0\u00bb{}\u00a0\u00bb][et_pb_column type=\u00a0\u00bb4_4&Prime; _builder_version=\u00a0\u00bb4.16&Prime; _module_preset=\u00a0\u00bbdefault\u00a0\u00bb global_colors_info=\u00a0\u00bb{}\u00a0\u00bb][et_pb_text _builder_version=\u00a0\u00bb4.19.5&Prime; _module_preset=\u00a0\u00bbdefault\u00a0\u00bb header_2_text_color=\u00a0\u00bb#9cc94e\u00a0\u00bb header_3_font=\u00a0\u00bbOpen Sans|300|||||||\u00a0\u00bb header_3_font_size=\u00a0\u00bb20px\u00a0\u00bb hover_enabled=\u00a0\u00bb0&Prime; global_colors_info=\u00a0\u00bb{}\u00a0\u00bb sticky_enabled=\u00a0\u00bb0&Prime;]<\/p>\n<h2>Trouvez votre h\u00e9bergement pour les vacances dans l\u2019Aveyron.<\/h2>\n<p>Situ\u00e9 dans le d\u00e9partement de l\u2019Aveyron entre Rodez et Villefranche-de-Rouergue, le camping de La Peyrade offre un cadre id\u00e9al pour passer des vacances reposantes en famille. Ce dernier propose diff\u00e9rents h\u00e9bergements en fonction de vos attentes. En effet, vous pourrez profiter des chalets, des mobil-homes, du bivouac ou encore des emplacements pour y installer votre camping-car, votre caravane ou bien votre tente. Notre camping en Aveyron vous offre la possibilit\u00e9 de r\u00e9server votre h\u00e9bergement <a href=\"https:\/\/bookingpremium.secureholiday.net\/fr\/686\/\" target=\"_blank\" rel=\"noopener noreferrer\">directement en ligne<\/a>. L\u2019assurance pour vous de trouver le logement id\u00e9al et d\u2019obtenir toutes les informations sur les prestations propos\u00e9es.<\/p>\n<ul>\n<li><a href=\"https:\/\/peyrade.demolinov.fr\/index.php\/hebergements\/\">Chalets<\/a><\/li>\n<li><a href=\"https:\/\/peyrade.demolinov.fr\/index.php\/les-mobil-homes\/\">Mobil-Homes<\/a><\/li>\n<li><a href=\"https:\/\/peyrade.demolinov.fr\/index.php\/les-emplacements\/\">Emplacements avec sanitaires privatifs en option<\/a><\/li>\n<\/ul>\n<p><strong>R\u00e9servez votre s\u00e9jour aveyronnais\u00a0!<\/strong><\/p>\n<p><strong>Vous recherchez un coin de paradis pour vous ressourcer pendant vos vacances ? Ne cherchez plus !!! Le camping La Peyrade vous permet de choisir en ligne parmi les nombreux h\u00e9bergements que nous proposons.<\/strong><\/p>\n<p>Retrouvez l\u2019ensemble de nos prestations et tarifs ainsi que les offres sp\u00e9ciales du moment. Composez votre s\u00e9jour librement en fonction du nombre de nuits que vous souhaitez r\u00e9server (jour d\u2019arriv\u00e9e et de d\u00e9part libres). Vous pouvez v\u00e9rifier la disponibilit\u00e9 de vos dates en quelques clics.<\/p>\n<h2>Pourquoi<strong> choisir le camping La Peyrade<\/strong> pour votre s\u00e9jour en Aveyron ?<\/h2>\n<p>Le camping de La Peyrade offre un cadre unique bord\u00e9 de verdure. Naturel et reposant, le camping vous assure des vacances d\u00e9paysantes adapt\u00e9es \u00e0 vos attentes.<br \/>Vous avez tendance \u00e0 privil\u00e9gier les activit\u00e9s intensives ou plut\u00f4t de longues journ\u00e9es reposantes dans la verdure ou au bord de la piscine ?<br \/>De nombreuses activit\u00e9s tr\u00e8s vari\u00e9s vous sont propos\u00e9es sur le d\u00e9partement de l\u2019Aveyron, parmi lesquelles vous trouverez \u00e0 coup s\u00fbr votre bonheur.<br \/><strong>N\u2019h\u00e9sitez plus et venez d\u00e9couvrir notre magnifique r\u00e9gion, id\u00e9ale pour se ressourcer et passer un agr\u00e9able s\u00e9jour familial ou entre amis.<\/strong><\/p>\n<p>[\/et_pb_text][\/et_pb_column][\/et_pb_row][\/et_pb_section]<\/p>\n","protected":false},"excerpt":{"rendered":"<p>H\u00e9bergements et Tarifs &nbsp;Trouvez votre h\u00e9bergement pour les vacances dans l\u2019Aveyron. Situ\u00e9 dans le d\u00e9partement de l\u2019Aveyron entre Rodez et Villefranche-de-Rouergue, le camping de La Peyrade offre un cadre id\u00e9al pour passer des vacances reposantes en famille. Ce dernier propose diff\u00e9rents h\u00e9bergements en fonction de vos attentes. En effet, vous pourrez profiter des chalets, des [&hellip;]<\/p>\n","protected":false},"author":1,"featured_media":0,"parent":0,"menu_order":0,"comment_status":"closed","ping_status":"closed","template":"","meta":{"_et_pb_use_builder":"on","_et_pb_old_content":"","_et_gb_content_width":"","footnotes":""},"class_list":["post-2144","page","type-page","status-publish","hentry"],"yoast_head":"<!-- This site is optimized with the Yoast SEO plugin v26.3 - https:\/\/yoast.com\/wordpress\/plugins\/seo\/ -->\n<title>Le camping - Camping La Peyrade \u00e0 Rignac en Aveyron<\/title>\n<meta name=\"description\" content=\"CAMPING LA PEYRADE. De vraies vacances \u00e0 la campagne dans un cadre ombrag\u00e9 et agr\u00e9able, au coeur du village de Rignac. A proximit\u00e9 de tous commerces.\" \/>\n<meta name=\"robots\" content=\"noindex, follow, max-snippet:-1, max-image-preview:large, max-video-preview:-1\" \/>\n<meta property=\"og:locale\" content=\"fr_FR\" \/>\n<meta property=\"og:type\" content=\"article\" \/>\n<meta property=\"og:title\" content=\"Le camping - Camping La Peyrade \u00e0 Rignac en Aveyron\" \/>\n<meta property=\"og:description\" content=\"CAMPING LA PEYRADE. De vraies vacances \u00e0 la campagne dans un cadre ombrag\u00e9 et agr\u00e9able, au coeur du village de Rignac. A proximit\u00e9 de tous commerces.\" \/>\n<meta property=\"og:url\" content=\"https:\/\/peyrade.demolinov.fr\/index.php\/hebergements-et-tarifs\/\" \/>\n<meta property=\"og:site_name\" content=\"Camping La Peyrade\" \/>\n<meta property=\"article:modified_time\" content=\"2023-02-03T09:26:28+00:00\" \/>\n<meta name=\"twitter:card\" content=\"summary_large_image\" \/>\n<meta name=\"twitter:label1\" content=\"Dur\u00e9e de lecture estim\u00e9e\" \/>\n\t<meta name=\"twitter:data1\" content=\"4 minutes\" \/>\n<script type=\"application\/ld+json\" class=\"yoast-schema-graph\">{\"@context\":\"https:\/\/schema.org\",\"@graph\":[{\"@type\":\"WebPage\",\"@id\":\"https:\/\/peyrade.demolinov.fr\/index.php\/hebergements-et-tarifs\/\",\"url\":\"https:\/\/peyrade.demolinov.fr\/index.php\/hebergements-et-tarifs\/\",\"name\":\"Le camping - Camping La Peyrade \u00e0 Rignac en Aveyron\",\"isPartOf\":{\"@id\":\"https:\/\/peyrade.demolinov.fr\/#website\"},\"datePublished\":\"2021-01-26T16:24:42+00:00\",\"dateModified\":\"2023-02-03T09:26:28+00:00\",\"description\":\"CAMPING LA PEYRADE. De vraies vacances \u00e0 la campagne dans un cadre ombrag\u00e9 et agr\u00e9able, au coeur du village de Rignac. A proximit\u00e9 de tous commerces.\",\"breadcrumb\":{\"@id\":\"https:\/\/peyrade.demolinov.fr\/index.php\/hebergements-et-tarifs\/#breadcrumb\"},\"inLanguage\":\"fr-FR\",\"potentialAction\":[{\"@type\":\"ReadAction\",\"target\":[\"https:\/\/peyrade.demolinov.fr\/index.php\/hebergements-et-tarifs\/\"]}]},{\"@type\":\"BreadcrumbList\",\"@id\":\"https:\/\/peyrade.demolinov.fr\/index.php\/hebergements-et-tarifs\/#breadcrumb\",\"itemListElement\":[{\"@type\":\"ListItem\",\"position\":1,\"name\":\"Accueil\",\"item\":\"https:\/\/peyrade.demolinov.fr\/\"},{\"@type\":\"ListItem\",\"position\":2,\"name\":\"H\u00e9bergements et Tarifs\"}]},{\"@type\":\"WebSite\",\"@id\":\"https:\/\/peyrade.demolinov.fr\/#website\",\"url\":\"https:\/\/peyrade.demolinov.fr\/\",\"name\":\"Camping La Peyrade\",\"description\":\"\",\"potentialAction\":[{\"@type\":\"SearchAction\",\"target\":{\"@type\":\"EntryPoint\",\"urlTemplate\":\"https:\/\/peyrade.demolinov.fr\/?s={search_term_string}\"},\"query-input\":{\"@type\":\"PropertyValueSpecification\",\"valueRequired\":true,\"valueName\":\"search_term_string\"}}],\"inLanguage\":\"fr-FR\"}]}<\/script>\n<!-- \/ Yoast SEO plugin. -->","yoast_head_json":{"title":"Le camping - Camping La Peyrade \u00e0 Rignac en Aveyron","description":"CAMPING LA PEYRADE. De vraies vacances \u00e0 la campagne dans un cadre ombrag\u00e9 et agr\u00e9able, au coeur du village de Rignac. A proximit\u00e9 de tous commerces.","robots":{"index":"noindex","follow":"follow","max-snippet":"max-snippet:-1","max-image-preview":"max-image-preview:large","max-video-preview":"max-video-preview:-1"},"og_locale":"fr_FR","og_type":"article","og_title":"Le camping - Camping La Peyrade \u00e0 Rignac en Aveyron","og_description":"CAMPING LA PEYRADE. De vraies vacances \u00e0 la campagne dans un cadre ombrag\u00e9 et agr\u00e9able, au coeur du village de Rignac. A proximit\u00e9 de tous commerces.","og_url":"https:\/\/peyrade.demolinov.fr\/index.php\/hebergements-et-tarifs\/","og_site_name":"Camping La Peyrade","article_modified_time":"2023-02-03T09:26:28+00:00","twitter_card":"summary_large_image","twitter_misc":{"Dur\u00e9e de lecture estim\u00e9e":"4 minutes"},"schema":{"@context":"https:\/\/schema.org","@graph":[{"@type":"WebPage","@id":"https:\/\/peyrade.demolinov.fr\/index.php\/hebergements-et-tarifs\/","url":"https:\/\/peyrade.demolinov.fr\/index.php\/hebergements-et-tarifs\/","name":"Le camping - Camping La Peyrade \u00e0 Rignac en Aveyron","isPartOf":{"@id":"https:\/\/peyrade.demolinov.fr\/#website"},"datePublished":"2021-01-26T16:24:42+00:00","dateModified":"2023-02-03T09:26:28+00:00","description":"CAMPING LA PEYRADE. De vraies vacances \u00e0 la campagne dans un cadre ombrag\u00e9 et agr\u00e9able, au coeur du village de Rignac. A proximit\u00e9 de tous commerces.","breadcrumb":{"@id":"https:\/\/peyrade.demolinov.fr\/index.php\/hebergements-et-tarifs\/#breadcrumb"},"inLanguage":"fr-FR","potentialAction":[{"@type":"ReadAction","target":["https:\/\/peyrade.demolinov.fr\/index.php\/hebergements-et-tarifs\/"]}]},{"@type":"BreadcrumbList","@id":"https:\/\/peyrade.demolinov.fr\/index.php\/hebergements-et-tarifs\/#breadcrumb","itemListElement":[{"@type":"ListItem","position":1,"name":"Accueil","item":"https:\/\/peyrade.demolinov.fr\/"},{"@type":"ListItem","position":2,"name":"H\u00e9bergements et Tarifs"}]},{"@type":"WebSite","@id":"https:\/\/peyrade.demolinov.fr\/#website","url":"https:\/\/peyrade.demolinov.fr\/","name":"Camping La Peyrade","description":"","potentialAction":[{"@type":"SearchAction","target":{"@type":"EntryPoint","urlTemplate":"https:\/\/peyrade.demolinov.fr\/?s={search_term_string}"},"query-input":{"@type":"PropertyValueSpecification","valueRequired":true,"valueName":"search_term_string"}}],"inLanguage":"fr-FR"}]}},"_links":{"self":[{"href":"https:\/\/peyrade.demolinov.fr\/index.php\/wp-json\/wp\/v2\/pages\/2144","targetHints":{"allow":["GET"]}}],"collection":[{"href":"https:\/\/peyrade.demolinov.fr\/index.php\/wp-json\/wp\/v2\/pages"}],"about":[{"href":"https:\/\/peyrade.demolinov.fr\/index.php\/wp-json\/wp\/v2\/types\/page"}],"author":[{"embeddable":true,"href":"https:\/\/peyrade.demolinov.fr\/index.php\/wp-json\/wp\/v2\/users\/1"}],"replies":[{"embeddable":true,"href":"https:\/\/peyrade.demolinov.fr\/index.php\/wp-json\/wp\/v2\/comments?post=2144"}],"version-history":[{"count":11,"href":"https:\/\/peyrade.demolinov.fr\/index.php\/wp-json\/wp\/v2\/pages\/2144\/revisions"}],"predecessor-version":[{"id":3109,"href":"https:\/\/peyrade.demolinov.fr\/index.php\/wp-json\/wp\/v2\/pages\/2144\/revisions\/3109"}],"wp:attachment":[{"href":"https:\/\/peyrade.demolinov.fr\/index.php\/wp-json\/wp\/v2\/media?parent=2144"}],"curies":[{"name":"wp","href":"https:\/\/api.w.org\/{rel}","templated":true}]}}