{"id":1387,"date":"2019-01-14T11:55:01","date_gmt":"2019-01-14T10:55:01","guid":{"rendered":"http:\/\/lapeyrade.linov.fr\/?page_id=1387"},"modified":"2023-01-31T17:11:48","modified_gmt":"2023-01-31T16:11:48","slug":"rgpd","status":"publish","type":"page","link":"https:\/\/peyrade.demolinov.fr\/index.php\/rgpd\/","title":{"rendered":"RGPD"},"content":{"rendered":"<p>[et_pb_section fb_built=\u00a0\u00bb1&Prime; _builder_version=\u00a0\u00bb4.16&Prime; custom_padding=\u00a0\u00bb134px|0px|54px|0|false|false\u00a0\u00bb global_colors_info=\u00a0\u00bb{}\u00a0\u00bb da_is_popup=\u00a0\u00bboff\u00a0\u00bb da_exit_intent=\u00a0\u00bboff\u00a0\u00bb da_has_close=\u00a0\u00bbon\u00a0\u00bb da_alt_close=\u00a0\u00bboff\u00a0\u00bb da_dark_close=\u00a0\u00bboff\u00a0\u00bb da_not_modal=\u00a0\u00bbon\u00a0\u00bb da_is_singular=\u00a0\u00bboff\u00a0\u00bb da_with_loader=\u00a0\u00bboff\u00a0\u00bb da_has_shadow=\u00a0\u00bbon\u00a0\u00bb da_disable_devices=\u00a0\u00bboff|off|off\u00a0\u00bb][et_pb_row make_equal=\u00a0\u00bbon\u00a0\u00bb _builder_version=\u00a0\u00bb4.16&Prime; width=\u00a0\u00bb85%\u00a0\u00bb max_width=\u00a0\u00bb85%\u00a0\u00bb custom_padding=\u00a0\u00bb50px|0px|0|0px|false|false\u00a0\u00bb use_custom_width=\u00a0\u00bbon\u00a0\u00bb width_unit=\u00a0\u00bboff\u00a0\u00bb custom_width_percent=\u00a0\u00bb85%\u00a0\u00bb global_colors_info=\u00a0\u00bb{}\u00a0\u00bb][et_pb_column type=\u00a0\u00bb4_4&Prime; _builder_version=\u00a0\u00bb4.16&Prime; custom_padding=\u00a0\u00bb|||\u00a0\u00bb global_colors_info=\u00a0\u00bb{}\u00a0\u00bb custom_padding__hover=\u00a0\u00bb|||\u00a0\u00bb][et_pb_text admin_label=\u00a0\u00bbDiscover Beatuty Title\u00a0\u00bb _builder_version=\u00a0\u00bb4.16&Prime; text_font=\u00a0\u00bb||||\u00a0\u00bb text_text_color=\u00a0\u00bb#1a1a1a\u00a0\u00bb header_font=\u00a0\u00bbOswald|on||on|\u00a0\u00bb header_text_align=\u00a0\u00bbright\u00a0\u00bb header_text_color=\u00a0\u00bbrgba(26,26,26,0.73)\u00a0\u00bb header_font_size=\u00a0\u00bb55px\u00a0\u00bb header_line_height=\u00a0\u00bb1.3em\u00a0\u00bb animation_style=\u00a0\u00bbslide\u00a0\u00bb animation_direction=\u00a0\u00bbtop\u00a0\u00bb animation_intensity_slide=\u00a0\u00bb10%\u00a0\u00bb global_colors_info=\u00a0\u00bb{}\u00a0\u00bb]<\/p>\n<h1 style=\"text-align: left;\"><strong><span>R\u00e8glement g\u00e9n\u00e9ral sur <br \/>la protection des donn\u00e9es\u00a0<\/span><\/strong><\/h1>\n<p>[\/et_pb_text][et_pb_divider color=\u00a0\u00bbrgba(26,26,26,0.73)\u00a0\u00bb divider_position=\u00a0\u00bbcenter\u00a0\u00bb divider_weight=\u00a0\u00bb3px\u00a0\u00bb disabled_on=\u00a0\u00bboff|off|off\u00a0\u00bb _builder_version=\u00a0\u00bb4.16&Prime; max_width=\u00a0\u00bb50%\u00a0\u00bb height=\u00a0\u00bbfalse\u00a0\u00bb animation_style=\u00a0\u00bbslide\u00a0\u00bb animation_direction=\u00a0\u00bbtop\u00a0\u00bb animation_delay=\u00a0\u00bb100ms\u00a0\u00bb animation_intensity_slide=\u00a0\u00bb10%\u00a0\u00bb global_colors_info=\u00a0\u00bb{}\u00a0\u00bb][\/et_pb_divider][\/et_pb_column][\/et_pb_row][et_pb_row _builder_version=\u00a0\u00bb4.16&Prime; global_colors_info=\u00a0\u00bb{}\u00a0\u00bb][et_pb_column type=\u00a0\u00bb4_4&Prime; _builder_version=\u00a0\u00bb4.16&Prime; custom_padding=\u00a0\u00bb|||\u00a0\u00bb global_colors_info=\u00a0\u00bb{}\u00a0\u00bb custom_padding__hover=\u00a0\u00bb|||\u00a0\u00bb][et_pb_text admin_label=\u00a0\u00bbDiscover Beatuty Text\u00a0\u00bb _builder_version=\u00a0\u00bb4.19.5&Prime; text_font=\u00a0\u00bbRoboto||||\u00a0\u00bb text_font_size=\u00a0\u00bb16px\u00a0\u00bb text_line_height=\u00a0\u00bb1.9em\u00a0\u00bb custom_padding=\u00a0\u00bb|||\u00a0\u00bb animation_style=\u00a0\u00bbslide\u00a0\u00bb animation_direction=\u00a0\u00bbtop\u00a0\u00bb animation_delay=\u00a0\u00bb200ms\u00a0\u00bb animation_intensity_slide=\u00a0\u00bb10%\u00a0\u00bb hover_enabled=\u00a0\u00bb0&Prime; global_colors_info=\u00a0\u00bb{}\u00a0\u00bb sticky_enabled=\u00a0\u00bb0&Prime;]<\/p>\n<h3><strong>Protection des donn\u00e9es personnelles<\/strong><\/h3>\n<p>Dans le cadre de la mise en application de la R\u00e8glementation G\u00e9n\u00e9rale Europ\u00e9enne sur la Protection des Donn\u00e9es (RGPD), nous avons mis \u00e0 jour notre Politique de protection des Donn\u00e9es Personnelles. Les informations personnelles recueillies sur le site <a href=\"https:\/\/peyrade.demolinov.fr\">www.peyrade.demolinov.fr<\/a> font l\u2019objet d\u2019un traitement informatique s\u00e9curis\u00e9 destin\u00e9 \u00e0 l&rsquo;usage exclusif de la direction du Camping\u00a0 La Peyrade dans le cadre de son activit\u00e9 commerciale.<br \/>C\u2019est pourquoi nous\u00a0vous invitons \u00e0 consulter notre information relative \u00e0 notre politique de confidentialit\u00e9 qui vous permettra de comprendre quelles donn\u00e9es \u00e0 caract\u00e8re personnel nous collectons et ce que nous en faisons, ainsi que les droits dont vous disposez et la mani\u00e8re dont vous pouvez les exercer.<\/p>\n<p><strong>R\u00e8glement G\u00e9n\u00e9ral sur la Protection des Donn\u00e9es<\/strong><br \/>Le pr\u00e9sent document vise \u00e0 vous informer sur notre politique en mati\u00e8re de gestion des donn\u00e9es personnelles \u00e0 savoir\u00a0: quelles donn\u00e9es nous collectons, la mani\u00e8re dont nous les traitons, \u00e0 quelles fins et avec qui nous les partageons.<\/p>\n<p>1 &#8211; COLLECTE DES DONNEES PERSONNELLES<\/p>\n<p>\u200bLes donn\u00e9es personnelles que nous collectons servent uniquement \u00e0 r\u00e9pondre \u00e0 vos demandes lorsque vous souhaitez s\u00e9journer au camping La PEYRADE.<br \/>Elles sont strictement r\u00e9serv\u00e9es \u00e0 un usage interne et accessibles uniquement aux personnes travaillant \u00e0 l\u2019accueil, car nous y attachons une grande importance.<br \/>Nous ne collectons et conservons que les donn\u00e9es n\u00e9cessaires \u00e0 la r\u00e9alisation et \u00e0 la facturation de vos s\u00e9jours. En effet, traiter vos demandes et \u00e9tablir des contrats l\u00e9gaux n\u00e9cessitent\u00a0juridiquement la collecte de certaines donn\u00e9es personnelles. La norme NF525 par exemple impose que pour toute facture \u00e9mise, le nom, et l\u2019adresse soient mentionn\u00e9s.<br \/>Les demandes de r\u00e9servation via notre r\u00e9servation en ligne, passent par l\u2019interface de r\u00e9servation CTOUTVERT \u2013 Secure Holiday et sont envoy\u00e9es directement dans la base de donn\u00e9es de notre logiciel de gestion SEQUOIASOFT \/ THELIS.<\/p>\n<p><strong>Les donn\u00e9es collect\u00e9es sont les suivantes\u00a0:<\/strong><br \/>&#8211; Nom et pr\u00e9nom des participants au s\u00e9jour,<br \/>&#8211; Date de naissance,<br \/>&#8211; Adresse postale,<br \/>&#8211; Pays de r\u00e9sidence,<br \/>&#8211; Adresse e-mail,<br \/>&#8211; Num\u00e9ros de t\u00e9l\u00e9phone,<br \/>&#8211; Date d\u2019arriv\u00e9e et de d\u00e9part<\/p>\n<p>Le syst\u00e8me de r\u00e9servation en ligne s\u00e9curis\u00e9 utilise les donn\u00e9es bancaires des clients qui sont syst\u00e9matiquement crypt\u00e9es.<\/p>\n<p><strong>Le logiciel SEQUOIASOFT nous donne acc\u00e8s \u00e0 d\u2019autres fonctionnalit\u00e9s pour collecter des donn\u00e9es suppl\u00e9mentaires. Celles que nous utilisons sont les suivantes :<\/strong><\/p>\n<p>&#8211; Langue maternelle du client,<br \/>&#8211; Type de client,<br \/>&#8211; Commentaires internes du camping sur le client,<br \/>&#8211; Archives des dates des s\u00e9jours ant\u00e9rieurs,<br \/>&#8211; Num\u00e9ro d\u2019immatriculation du v\u00e9hicule<\/p>\n<p>Nous n\u2019utilisons pas vos donn\u00e9es \u00e0 des fins commerciales. Nous ne les partageons jamais avec des tiers et ne les divulguons \u00e0 personne. En revanche nous pouvons \u00eatre amen\u00e9s \u00e0 les utiliser pour la r\u00e9alisation d\u2019\u00e9tudes statistiques dont celle demand\u00e9e par l\u2019INSEE et qui est obligatoire<br \/>Certaines donn\u00e9es personnelles peuvent aussi \u00eatre collect\u00e9es via notre messagerie \u00e9lectronique. Elles font l\u2019objet de la m\u00eame attention et des m\u00eames restrictions d\u2019usage que celles utilis\u00e9es sur notre logiciel SEQUOIASOFT. Cette messagerie professionnelle est prot\u00e9g\u00e9e par un mot de passe d\u00e9di\u00e9, par un anti spam et par l\u2019antivirus de l\u2019ordinateur.<br \/>Aucune information personnelle n\u2019est collect\u00e9e sans votre accord.<br \/>A ce jour, nous ne diffusons pas de newsletter.<\/p>\n<p><strong>&#8211; Assurance annulation<\/strong><br \/>Dans le cas d\u2019une souscription \u00e0 l\u2019assurance annulation, nous sommes dans l\u2019obligation de transmettre l\u2019ensemble des donn\u00e9es collect\u00e9es \u00e0 l\u2019assureur GROUPE GRITCHEN ASSURANCES. Cette soci\u00e9t\u00e9 est alors seule responsable du traitement qu\u2019il est fait des donn\u00e9es transmises.<br \/>Les prestataires de services que nous venons de nommer ont tous r\u00e9dig\u00e9 leur propre Charte de Confidentialit\u00e9.<br \/>Pour chacun d\u2019entre eux, vous trouverez les d\u00e9tails de leur charte respective, que vous pouvez t\u00e9l\u00e9charger ci-dessous et consulter hors connexion.<\/p>\n<p><a href=\"https:\/\/docs.wixstatic.com\/ugd\/3fad68_5cf247306a7844ae99ba07f1ba229e1a.pdf\">Politique de confidentialit\u00e9 de\u00a0CTOUTVERT \u2013 Secure Holiday<\/a><br \/><a href=\"https:\/\/www.sequoiasoft.com\/wp-content\/uploads\/2022\/12\/Annexe-Traitement-de-donnees-personnelles-V1-2-1.pdf\" target=\"_blank\" rel=\"noopener\">Politique de confidentialit\u00e9 SEQUOIASOFT<\/a><\/p>\n<p>Afin de garantir la meilleure protection possible, nous veillons \u00e0 travailler avec des logiciels mis \u00e0 jour en permanence.<\/p>\n<p><strong>&#8211; Notre site internet\u00a0:<\/strong><br \/>Nous avons s\u00e9curis\u00e9 notre site internet pour le mettre en mode HTTPS. De plus Il vous est possible de consulter notre site internet sans divulguer d\u2019informations \u00e0 caract\u00e8re personnel.<br \/>Ce site peut contenir des liens hypertextes vers des sites tiers, partenaires ou non. Ces sites ne sont pas sous le contr\u00f4le de\u00a0<a href=\"https:\/\/peyrade.demolinov.fr\">www.peyrade.demolinov.fr<\/a> et nous d\u00e9clinons toute responsabilit\u00e9 quant au contenu de ces sites, des mises-\u00e0-jour qui pourraient leur \u00eatre apport\u00e9es ou de toute communication \u00e0 votre encontre \u00e9mise par les dits sites.<br \/>Nous suivons les performances de notre site internet via Google Analytics et collectons des informations sur la fa\u00e7on dont les visiteurs utilisent notre site internet. Cela nous permet de mieux conna\u00eetre leurs attentes et de pouvoir am\u00e9liorer ce site. Nous ne recevons ni n\u2019enregistrons aucune information personnelle de type nom ou adresse.<\/p>\n<p>2 &#8211; CONSERVATION DES\u00a0DONNEES PERSONNELLES<br \/>Nous conservons vos donn\u00e9es personnelles en fonction de la r\u00e9glementation obligatoire (ex\u00a0: les donn\u00e9es n\u00e9cessaires \u00e0 la cr\u00e9ation d\u2019une facture sont gard\u00e9es 10 ans \u00e0 partir de la cl\u00f4ture de notre exercice comptable fix\u00e9 au 31 d\u00e9cembre de chaque ann\u00e9e). Au- del\u00e0 de cette p\u00e9riode, toutes vos donn\u00e9es sont supprim\u00e9es.<br \/>Si vous revenez s\u00e9journer dans ce camping dans ce temps interm\u00e9diaire de 10 ans, les donn\u00e9es conserv\u00e9es pr\u00e9sentes dans notre fichier clients nous permettent de faciliter vos d\u00e9marches administratives en les r\u00e9utilisant pour une nouvelle r\u00e9servation et l\u2019\u00e9tablissement d\u2019une nouvelle facture.<br \/>A cet effet, nous nous effor\u00e7ons de veiller \u00e0 ce que les donn\u00e9es personnelles d\u00e9tenues soient exactes, actuelles et compl\u00e8tes. Nous r\u00e9pondons toujours aux demandes des clients qui souhaitent rectifier ou mettre \u00e0 jour des informations les concernant.<br \/>Nos documents papiers sont conserv\u00e9s dans un local accessible uniquement \u00e0 notre personnel qualifi\u00e9, et les fichiers informatiques sauvegard\u00e9s par nos soins quotidiennement.<br \/>Pour traiter correctement vos demandes et vos r\u00e9servations, seules sont conserv\u00e9es les informations que vous nous communiquez vous-m\u00eame par le biais d\u2019un e-mail, de notre site web ou des sites de nos partenaires ou par t\u00e9l\u00e9phone.<br \/>En cas de paiement en ligne, les informations bancaires que vous fournissez\u00a0ne nous sont rendues visibles qu\u2019une fois, le temps de r\u00e9aliser la vente \u00e0 distance, puis imm\u00e9diatement d\u00e9truites.<br \/>Les archives papiers concernant vos r\u00e9servations, que nous imprimons pour faciliter leur traitement et leur suivi, sont conserv\u00e9es durant toute la saison pour \u00eatre montr\u00e9es en cas de contr\u00f4le des services de l\u2019Etat. Ces donn\u00e9es sont stock\u00e9es dans un local accessible uniquement au g\u00e9rant responsable de l\u2019\u00e9tablissement.<br \/>\u200b3\u00a0VOS DROITS<br \/>\u00c0 tout moment, et ce conform\u00e9ment \u00e0 la l\u00e9gislation en vigueur en mati\u00e8re de Protection des Donn\u00e9es Personnelles, vous disposez d\u2019un droit d\u2019acc\u00e8s, de rectification et de suppression.<br \/>&#8211; Droit d\u2019acc\u00e8s<br \/>Vous pouvez nous demander si nous d\u00e9tenons des informations sur vous et, si oui, de vous communiquer l\u2019int\u00e9gralit\u00e9 de ces donn\u00e9es.<br \/>&#8211; Droit de rectification<br \/>Vous pouvez nous demander \u00e0 tout moment la rectification des informations inexactes vous concernant.<br \/>&#8211; Droit \u00e0 l\u2019oubli<br \/>Vous pouvez nous demander de supprimer vos donn\u00e9es personnelles quand vous le souhaitez. Nous retirerons alors toutes vos donn\u00e9es, sauf celles que nous devons conserver dans le cadre de la l\u00e9gislation fran\u00e7aise ou\/et europ\u00e9enne.<br \/>D\u2019autres droits sont pr\u00e9vus dans le RGDP. Nous vous invitons \u00e0 consulter le site de la CNIL pour en savoir plus : <a href=\"https:\/\/www.cnil.fr\/fr\/comprendre-vos-droits\">https:\/\/www.cnil.fr\/fr\/comprendre-vos-droits<\/a>.<br \/>&#8211; Qui contacter et comment\u00a0?<br \/>Un DPO (Data Protection Officer) a \u00e9t\u00e9 d\u00e9sign\u00e9 pour \u00eatre votre point de contact sur toute question en lien avec la protection des donn\u00e9es personnelles.<br \/>Pour exercer vos droits, il vous suffit de contacter ce DPO\u00a0:<br \/>Pierre BISON\u00a0: Responsable du camping la Peyrade<br \/>&#8211; soit\u00a0par mail \u00e0 l\u2019adresse suivante\u00a0:\u00a0info@peyrade.demolinov.fr<br \/>&#8211; soit par courrier \u00e0 l\u2019adresse suivante\u00a0: \u00a0Camping La PEYRADE Route de Colombi\u00e9s 12390 RIGNAC<br \/>&#8211; Mise \u00e0 jour<br \/>La Pr\u00e9sente Politique de Confidentialit\u00e9 pourra faire l\u2019objet de modifications \u00e0 tout moment. Pour rester inform\u00e9 sur ces modifications, nous vous invitons \u00e0 la consulter r\u00e9guli\u00e8rement.<br \/>Mise \u00e0 jour le 08\/01\/2023<\/p>\n<p>Webmaster\u00a0: SAS LINOV<br \/>H\u00e9bergeur\u00a0: SARL Haisoft<\/p>\n<p>[\/et_pb_text][\/et_pb_column][\/et_pb_row][\/et_pb_section]<\/p>\n","protected":false},"excerpt":{"rendered":"<p>R\u00e8glement g\u00e9n\u00e9ral sur la protection des donn\u00e9es\u00a0Protection des donn\u00e9es personnelles Dans le cadre de la mise en application de la R\u00e8glementation G\u00e9n\u00e9rale Europ\u00e9enne sur la Protection des Donn\u00e9es (RGPD), nous avons mis \u00e0 jour notre Politique de protection des Donn\u00e9es Personnelles. Les informations personnelles recueillies sur le site www.peyrade.demolinov.fr font l\u2019objet d\u2019un traitement informatique s\u00e9curis\u00e9 [&hellip;]<\/p>\n","protected":false},"author":1,"featured_media":0,"parent":0,"menu_order":0,"comment_status":"closed","ping_status":"closed","template":"","meta":{"_et_pb_use_builder":"on","_et_pb_old_content":"","_et_gb_content_width":"","footnotes":""},"class_list":["post-1387","page","type-page","status-publish","hentry"],"yoast_head":"<!-- This site is optimized with the Yoast SEO plugin v26.3 - https:\/\/yoast.com\/wordpress\/plugins\/seo\/ -->\n<title>RGPD - Camping La Peyrade<\/title>\n<meta name=\"robots\" content=\"noindex, follow, max-snippet:-1, max-image-preview:large, max-video-preview:-1\" \/>\n<meta property=\"og:locale\" content=\"fr_FR\" \/>\n<meta property=\"og:type\" content=\"article\" \/>\n<meta property=\"og:title\" content=\"RGPD - Camping La Peyrade\" \/>\n<meta property=\"og:description\" content=\"R\u00e8glement g\u00e9n\u00e9ral sur la protection des donn\u00e9es\u00a0Protection des donn\u00e9es personnelles Dans le cadre de la mise en application de la R\u00e8glementation G\u00e9n\u00e9rale Europ\u00e9enne sur la Protection des Donn\u00e9es (RGPD), nous avons mis \u00e0 jour notre Politique de protection des Donn\u00e9es Personnelles. Les informations personnelles recueillies sur le site www.peyrade.demolinov.fr font l\u2019objet d\u2019un traitement informatique s\u00e9curis\u00e9 [&hellip;]\" \/>\n<meta property=\"og:url\" content=\"https:\/\/peyrade.demolinov.fr\/index.php\/rgpd\/\" \/>\n<meta property=\"og:site_name\" content=\"Camping La Peyrade\" \/>\n<meta property=\"article:modified_time\" content=\"2023-01-31T16:11:48+00:00\" \/>\n<meta name=\"twitter:card\" content=\"summary_large_image\" \/>\n<meta name=\"twitter:label1\" content=\"Dur\u00e9e de lecture estim\u00e9e\" \/>\n\t<meta name=\"twitter:data1\" content=\"9 minutes\" \/>\n<script type=\"application\/ld+json\" class=\"yoast-schema-graph\">{\"@context\":\"https:\/\/schema.org\",\"@graph\":[{\"@type\":\"WebPage\",\"@id\":\"https:\/\/peyrade.demolinov.fr\/index.php\/rgpd\/\",\"url\":\"https:\/\/peyrade.demolinov.fr\/index.php\/rgpd\/\",\"name\":\"RGPD - Camping La Peyrade\",\"isPartOf\":{\"@id\":\"https:\/\/peyrade.demolinov.fr\/#website\"},\"datePublished\":\"2019-01-14T10:55:01+00:00\",\"dateModified\":\"2023-01-31T16:11:48+00:00\",\"breadcrumb\":{\"@id\":\"https:\/\/peyrade.demolinov.fr\/index.php\/rgpd\/#breadcrumb\"},\"inLanguage\":\"fr-FR\",\"potentialAction\":[{\"@type\":\"ReadAction\",\"target\":[\"https:\/\/peyrade.demolinov.fr\/index.php\/rgpd\/\"]}]},{\"@type\":\"BreadcrumbList\",\"@id\":\"https:\/\/peyrade.demolinov.fr\/index.php\/rgpd\/#breadcrumb\",\"itemListElement\":[{\"@type\":\"ListItem\",\"position\":1,\"name\":\"Accueil\",\"item\":\"https:\/\/peyrade.demolinov.fr\/\"},{\"@type\":\"ListItem\",\"position\":2,\"name\":\"RGPD\"}]},{\"@type\":\"WebSite\",\"@id\":\"https:\/\/peyrade.demolinov.fr\/#website\",\"url\":\"https:\/\/peyrade.demolinov.fr\/\",\"name\":\"Camping La Peyrade\",\"description\":\"\",\"potentialAction\":[{\"@type\":\"SearchAction\",\"target\":{\"@type\":\"EntryPoint\",\"urlTemplate\":\"https:\/\/peyrade.demolinov.fr\/?s={search_term_string}\"},\"query-input\":{\"@type\":\"PropertyValueSpecification\",\"valueRequired\":true,\"valueName\":\"search_term_string\"}}],\"inLanguage\":\"fr-FR\"}]}<\/script>\n<!-- \/ Yoast SEO plugin. -->","yoast_head_json":{"title":"RGPD - Camping La Peyrade","robots":{"index":"noindex","follow":"follow","max-snippet":"max-snippet:-1","max-image-preview":"max-image-preview:large","max-video-preview":"max-video-preview:-1"},"og_locale":"fr_FR","og_type":"article","og_title":"RGPD - Camping La Peyrade","og_description":"R\u00e8glement g\u00e9n\u00e9ral sur la protection des donn\u00e9es\u00a0Protection des donn\u00e9es personnelles Dans le cadre de la mise en application de la R\u00e8glementation G\u00e9n\u00e9rale Europ\u00e9enne sur la Protection des Donn\u00e9es (RGPD), nous avons mis \u00e0 jour notre Politique de protection des Donn\u00e9es Personnelles. Les informations personnelles recueillies sur le site www.peyrade.demolinov.fr font l\u2019objet d\u2019un traitement informatique s\u00e9curis\u00e9 [&hellip;]","og_url":"https:\/\/peyrade.demolinov.fr\/index.php\/rgpd\/","og_site_name":"Camping La Peyrade","article_modified_time":"2023-01-31T16:11:48+00:00","twitter_card":"summary_large_image","twitter_misc":{"Dur\u00e9e de lecture estim\u00e9e":"9 minutes"},"schema":{"@context":"https:\/\/schema.org","@graph":[{"@type":"WebPage","@id":"https:\/\/peyrade.demolinov.fr\/index.php\/rgpd\/","url":"https:\/\/peyrade.demolinov.fr\/index.php\/rgpd\/","name":"RGPD - Camping La Peyrade","isPartOf":{"@id":"https:\/\/peyrade.demolinov.fr\/#website"},"datePublished":"2019-01-14T10:55:01+00:00","dateModified":"2023-01-31T16:11:48+00:00","breadcrumb":{"@id":"https:\/\/peyrade.demolinov.fr\/index.php\/rgpd\/#breadcrumb"},"inLanguage":"fr-FR","potentialAction":[{"@type":"ReadAction","target":["https:\/\/peyrade.demolinov.fr\/index.php\/rgpd\/"]}]},{"@type":"BreadcrumbList","@id":"https:\/\/peyrade.demolinov.fr\/index.php\/rgpd\/#breadcrumb","itemListElement":[{"@type":"ListItem","position":1,"name":"Accueil","item":"https:\/\/peyrade.demolinov.fr\/"},{"@type":"ListItem","position":2,"name":"RGPD"}]},{"@type":"WebSite","@id":"https:\/\/peyrade.demolinov.fr\/#website","url":"https:\/\/peyrade.demolinov.fr\/","name":"Camping La Peyrade","description":"","potentialAction":[{"@type":"SearchAction","target":{"@type":"EntryPoint","urlTemplate":"https:\/\/peyrade.demolinov.fr\/?s={search_term_string}"},"query-input":{"@type":"PropertyValueSpecification","valueRequired":true,"valueName":"search_term_string"}}],"inLanguage":"fr-FR"}]}},"_links":{"self":[{"href":"https:\/\/peyrade.demolinov.fr\/index.php\/wp-json\/wp\/v2\/pages\/1387","targetHints":{"allow":["GET"]}}],"collection":[{"href":"https:\/\/peyrade.demolinov.fr\/index.php\/wp-json\/wp\/v2\/pages"}],"about":[{"href":"https:\/\/peyrade.demolinov.fr\/index.php\/wp-json\/wp\/v2\/types\/page"}],"author":[{"embeddable":true,"href":"https:\/\/peyrade.demolinov.fr\/index.php\/wp-json\/wp\/v2\/users\/1"}],"replies":[{"embeddable":true,"href":"https:\/\/peyrade.demolinov.fr\/index.php\/wp-json\/wp\/v2\/comments?post=1387"}],"version-history":[{"count":3,"href":"https:\/\/peyrade.demolinov.fr\/index.php\/wp-json\/wp\/v2\/pages\/1387\/revisions"}],"predecessor-version":[{"id":2931,"href":"https:\/\/peyrade.demolinov.fr\/index.php\/wp-json\/wp\/v2\/pages\/1387\/revisions\/2931"}],"wp:attachment":[{"href":"https:\/\/peyrade.demolinov.fr\/index.php\/wp-json\/wp\/v2\/media?parent=1387"}],"curies":[{"name":"wp","href":"https:\/\/api.w.org\/{rel}","templated":true}]}}